{"id":186,"date":"2023-04-11T18:11:52","date_gmt":"2023-04-11T16:11:52","guid":{"rendered":"https:\/\/ambskopje.esteri.it\/cooperazione-allo-sviluppo\/"},"modified":"2024-06-07T10:50:44","modified_gmt":"2024-06-07T08:50:44","slug":"cooperazione-allo-sviluppo","status":"publish","type":"page","link":"https:\/\/ambskopje.esteri.it\/sq\/italia-e-macedonia-del-nord\/cooperazione-allo-sviluppo\/","title":{"rendered":"Bashk\u00ebpunimi zhvillimor"},"content":{"rendered":"<div><span style=\"font-family: Calibri,sans-serif; font-size: small;\"><span lang=\"aa\">Q\u00eb nga viti 1996, kur u n\u00ebnshkrua memorandumi i par\u00eb i mir\u00ebkuptimit p\u00ebr bashk\u00ebpunim teknik nd\u00ebrmjet Ministris\u00eb s\u00eb Jashtme Italiane dhe Ministris\u00eb s\u00eb Pun\u00ebve t\u00eb Jashtme maqedonase, qeveria italiane ka promovuar iniciativa bashk\u00ebpunimi n\u00eb fusha t\u00eb ndryshme si promovimi dhe mb\u00ebshtetja e nd\u00ebrmarrjeve t\u00eb vogla dhe t\u00eb mesme, bujq\u00ebsia, p\u00ebrpunimi dhe marketingu i ushqimit, infrastruktura, sh\u00ebrbimet sh\u00ebndet\u00ebsore, mbrojtja e mjedisit, kultura, arsimi dhe k\u00ebrkimi.<\/span><\/span><\/div>\n<div><span style=\"font-family: Calibri,sans-serif; font-size: small;\"><span lang=\"aa\">Ju kujtojm\u00eb edhe kredin\u00eb p\u00ebr ndihm\u00eb \u201cProgrami p\u00ebr racionalizimin e sistemit t\u00eb menaxhimit dhe modernizimin e teknologjis\u00eb biomjek\u00ebsore n\u00eb sektorin e sh\u00ebndet\u00ebsis\u00eb n\u00eb Republik\u00ebn e Maqedonis\u00eb s\u00eb Veriut\u201d, t\u00eb p\u00ebrfunduar s\u00eb fundmi, me koordinim t\u00eb af\u00ebrt me Agjencin\u00eb Italiane p\u00ebr Bashk\u00ebpunim Zhvillimor &#8211; me zyr\u00eb n\u00eb Tiran\u00eb, p\u00ebrgjegj\u00ebse p\u00ebr Ballkanin Per\u00ebndimor. Programi, me vler\u00eb t\u00eb p\u00ebrgjithshme prej p\u00ebraf\u00ebrsisht 2,5 milion\u00eb euro, mund\u00ebsoi q\u00eb t\u00eb kontribuohet n\u00eb modernizimin e teknologjis\u00eb mjek\u00ebsore n\u00eb disponim t\u00eb sh\u00ebndet\u00ebsis\u00eb maqedonase p\u00ebrmes blerjes s\u00eb pajisjeve biomjek\u00ebsore t\u00eb caktuara p\u00ebr p\u00ebrdorim n\u00eb objektet sh\u00ebndet\u00ebsore lokale.<\/span><\/span><\/div>\n<div><span style=\"font-family: Calibri,sans-serif; font-size: small;\"><span lang=\"aa\">Italia \u00ebsht\u00eb e p\u00ebrfshir\u00eb n\u00eb aktivitete bashk\u00ebpunimi n\u00eb lidhje me Bashkimin Evropian, me p\u00ebrfshirje t\u00eb gjer\u00eb t\u00eb administratave italiane n\u00eb programet IPA dhe TAIEX, si dhe nj\u00eb mori aktivitetesh n\u00eb nivel rajonal dhe lokal. N\u00eb Maqedonin\u00eb e Veriut, n\u00eb ve\u00e7anti, u kryen disa binjak\u00ebzime administrative (\u201etwinning\u201c) n\u00eb t\u00eb cilat administratat italiane u p\u00ebrfshin\u00eb n\u00eb nj\u00eb s\u00ebr\u00eb sektor\u00ebsh: nga bujq\u00ebsia te statistikat, nga sektori kund\u00ebr terrorizmit n\u00eb sektorin kund\u00ebr krimit t\u00eb organizuar, gjithmon\u00eb me q\u00ebllim ngritjen e kapaciteteve dhe me arritje t\u00eb r\u00ebnd\u00ebsishme.<\/span><\/span><\/div>\n<div><span style=\"font-family: Calibri,sans-serif; font-size: small;\"><span lang=\"aa\">N\u00eb fund, duhet theksuar se aktivitete t\u00eb r\u00ebnd\u00ebsishme t\u00eb projektit p\u00ebr bashk\u00ebpunim n\u00eb vend jan\u00eb aktivizuar edhe p\u00ebrmes thirrjeve tematike p\u00ebr tender. Dy nismat kryesore n\u00eb k\u00ebt\u00eb drejtim jan\u00eb:<\/span><\/span><\/div>\n<div><span style=\"font-family: Calibri,sans-serif; font-size: small;\"><span lang=\"aa\">&#8211; &#8220;Thirrja ballkanike&#8221;, mbi baz\u00ebn e s\u00eb cil\u00ebs u bashk\u00ebfinancuan nismat e projekteve publike dhe private q\u00eb synojn\u00eb konsolidimin e institucioneve demokratike dhe mb\u00ebshtetjen e proceseve t\u00eb pajtimit n\u00eb kontekstin rajonal t\u00eb Ballkanit Per\u00ebndimor, dhe ve\u00e7an\u00ebrisht projektet q\u00eb synojn\u00eb forcimin institucional, mb\u00ebshtetjen p\u00ebr tranzicionin demokratik dhe nd\u00ebrtimi i besimit nd\u00ebrmjet subjekteve shtet\u00ebrore dhe joshtet\u00ebrore (p\u00ebr edicionin e fundit, shihni <\/span><a href=\"https:\/\/ambskopje.esteri.it\/it\/news\/dall_imba\/2023\/08\/pubblicazione-bando-balcani-2023\/\" target=\"_blank\" rel=\"noopener noreferrer\"><span lang=\"aa\">https:\/\/ambskopje.esteri.it\/it\/news\/dall_imba\/2023\/08\/pubblicazione-bando-balcani-2023\/<\/span><\/a><span lang=\"aa\">\u00a0 ;<\/span><\/span><\/div>\n<div><span style=\"font-family: Calibri,sans-serif; font-size: small;\"><span lang=\"aa\">&#8211; Programi i shk\u00ebmbimit &#8220;Know-how&#8221; (i ashtuquajturi KEP), nj\u00eb nga dy programet kryesore t\u00eb financuara nga Fondi InCE\/CEI BERS (Italia \u00ebsht\u00eb aktualisht i vetmi vend kontribues), i cili promovon transferimin e njohurive midis shteteve CEI an\u00ebtare t\u00eb BE-s\u00eb n\u00eb vendet jo-an\u00ebtare t\u00eb BE-s\u00eb CEI. Duke bashk\u00ebfinancuar projekte p\u00ebr ngritjen e kapaciteteve dhe asistenc\u00ebs teknike, KEP ofron grante p\u00ebr institucionet q\u00eb d\u00ebshirojn\u00eb t\u00eb ndajn\u00eb ekspertiz\u00ebn e tyre me partner\u00ebt e tyre, duke ndihmuar shtetet joan\u00ebtare q\u00eb t&#8217;u afrohen m\u00eb shpejt standardeve dhe politikave t\u00eb BE-s\u00eb.<\/span><\/span><\/div>\n<div><span style=\"font-family: Calibri,sans-serif; font-size: small;\"><span lang=\"aa\">P\u00ebr informacione n\u00eb lidhje me aktivitetet e Zyr\u00ebs s\u00eb AICS (me seli n\u00eb Tiran\u00eb), vizitoni faqen e internetit t\u00eb Agjencis\u00eb <\/span><a href=\"https:\/\/tirana.aics.gov.it\/\" target=\"_blank\" rel=\"noopener noreferrer\"><span lang=\"aa\">https:\/\/tirana.aics.gov.it\/<\/span><\/a><span lang=\"aa\">\u00a0 <\/span><\/span><\/div>\n","protected":false},"excerpt":{"rendered":"Q\u00eb nga viti 1996, kur u n\u00ebnshkrua memorandumi i par\u00eb i mir\u00ebkuptimit p\u00ebr bashk\u00ebpunim teknik nd\u00ebrmjet Ministris\u00eb s\u00eb Jashtme Italiane dhe Ministris\u00eb s\u00eb Pun\u00ebve t\u00eb Jashtme maqedonase, qeveria italiane ka promovuar iniciativa bashk\u00ebpunimi n\u00eb fusha t\u00eb ndryshme si promovimi dhe mb\u00ebshtetja e nd\u00ebrmarrjeve t\u00eb vogla dhe t\u00eb mesme, bujq\u00ebsia, p\u00ebrpunimi dhe marketingu i ushqimit, infrastruktura, [&hellip;]","protected":false},"author":1,"featured_media":0,"parent":200,"menu_order":6,"comment_status":"closed","ping_status":"closed","template":"","meta":{"footnotes":""},"class_list":["post-186","page","type-page","status-publish","hentry"],"_links":{"self":[{"href":"https:\/\/ambskopje.esteri.it\/sq\/wp-json\/wp\/v2\/pages\/186","targetHints":{"allow":["GET"]}}],"collection":[{"href":"https:\/\/ambskopje.esteri.it\/sq\/wp-json\/wp\/v2\/pages"}],"about":[{"href":"https:\/\/ambskopje.esteri.it\/sq\/wp-json\/wp\/v2\/types\/page"}],"author":[{"embeddable":true,"href":"https:\/\/ambskopje.esteri.it\/sq\/wp-json\/wp\/v2\/users\/1"}],"replies":[{"embeddable":true,"href":"https:\/\/ambskopje.esteri.it\/sq\/wp-json\/wp\/v2\/comments?post=186"}],"version-history":[{"count":2,"href":"https:\/\/ambskopje.esteri.it\/sq\/wp-json\/wp\/v2\/pages\/186\/revisions"}],"predecessor-version":[{"id":3212,"href":"https:\/\/ambskopje.esteri.it\/sq\/wp-json\/wp\/v2\/pages\/186\/revisions\/3212"}],"up":[{"embeddable":true,"href":"https:\/\/ambskopje.esteri.it\/sq\/wp-json\/wp\/v2\/pages\/200"}],"wp:attachment":[{"href":"https:\/\/ambskopje.esteri.it\/sq\/wp-json\/wp\/v2\/media?parent=186"}],"curies":[{"name":"wp","href":"https:\/\/api.w.org\/{rel}","templated":true}]}}